{"id":5611,"date":"2026-03-11T12:15:22","date_gmt":"2026-03-11T12:15:22","guid":{"rendered":"https:\/\/herramientasdetaller.cl\/?post_type=product&#038;p=5611"},"modified":"2026-03-11T12:29:11","modified_gmt":"2026-03-11T12:29:11","slug":"short-trabajo-modelo-doria-talla-l-xl","status":"publish","type":"product","link":"https:\/\/herramientasdetaller.cl\/index.php\/product\/short-trabajo-modelo-doria-talla-l-xl\/","title":{"rendered":"short trabajo modelo doria talla L\/XL"},"content":{"rendered":"<ul class=\"KsbFXc U6u95\" data-sfc-cb=\"\" data-complete=\"true\" data-processed=\"true\">\n<li class=\"dF3vjf\" data-sfc-cb=\"\" data-hveid=\"CAUQAA\" data-complete=\"true\" data-sae=\"\"><span class=\"T286Pc\" data-sfc-cp=\"\" data-sfc-cb=\"\" data-complete=\"true\"><strong class=\"Yjhzub\" data-sfc-cb=\"\" data-complete=\"true\">Material<\/strong>: Tela resistente compuesta por\u00a0<strong class=\"Yjhzub\" data-sfc-cb=\"\" data-complete=\"true\">65% poli\u00e9ster y 35% algod\u00f3n<\/strong>.<\/span><\/li>\n<li class=\"dF3vjf\" data-sfc-cb=\"\" data-hveid=\"CAUQAQ\" data-complete=\"true\" data-sae=\"\"><span class=\"T286Pc\" data-sfc-cp=\"\" data-sfc-cb=\"\" data-complete=\"true\"><strong class=\"Yjhzub\" data-sfc-cb=\"\" data-complete=\"true\">Densidad<\/strong>: El gramaje del material es de\u00a0<strong class=\"Yjhzub\" data-sfc-cb=\"\" data-complete=\"true\">245 g\/m\u00b2<\/strong>.<\/span><\/li>\n<li class=\"dF3vjf\" data-sfc-cb=\"\" data-hveid=\"CAUQAg\" data-complete=\"true\" data-sae=\"\"><span class=\"T286Pc\" data-sfc-cp=\"\" data-sfc-cb=\"\" data-complete=\"true\"><strong class=\"Yjhzub\" data-sfc-cb=\"\" data-complete=\"true\">Talla<\/strong>: Etiquetado como\u00a0<strong class=\"Yjhzub\" data-sfc-cb=\"\" data-complete=\"true\">L \/ XL<\/strong>\u00a0(equivalente a una talla 56 en algunos sistemas europeos).<\/span><\/li>\n<li class=\"dF3vjf\" data-sfc-cb=\"\" data-hveid=\"CAUQAw\" data-complete=\"true\" data-sae=\"\"><span class=\"T286Pc\" data-sfc-cp=\"\" data-sfc-cb=\"\" data-complete=\"true\"><strong class=\"Yjhzub\" data-sfc-cb=\"\" data-complete=\"true\">Dise\u00f1o<\/strong>: Generalmente disponible en color\u00a0<strong class=\"Yjhzub\" data-sfc-cb=\"\" data-complete=\"true\">azul marino<\/strong>\u00a0o\u00a0<strong class=\"Yjhzub\" data-sfc-cb=\"\" data-complete=\"true\">negro<\/strong>\u00a0con detalles en\u00a0<strong class=\"Yjhzub\" data-sfc-cb=\"\" data-complete=\"true\">naranja<\/strong>.<\/span><\/li>\n<li class=\"dF3vjf\" data-sfc-cb=\"\" data-hveid=\"CAUQBA\" data-complete=\"true\" data-sae=\"\"><span class=\"T286Pc\" data-sfc-cp=\"\" data-sfc-cb=\"\" data-complete=\"true\"><strong class=\"Yjhzub\" data-sfc-cb=\"\" data-complete=\"true\">Funcionalidad<\/strong>: Incluye nueve bolsillos, entre ellos bolsillos frontales grandes, traseros y un compartimento espec\u00edfico para el tel\u00e9fono m\u00f3vil.<\/span><\/li>\n<\/ul>\n","protected":false},"excerpt":{"rendered":"<p><img loading=\"lazy\" decoding=\"async\" class=\"alignnone wp-image-2196\" src=\"https:\/\/herramientasdetaller.cl\/wp-content\/uploads\/2021\/09\/YATO-300x263.jpg\" alt=\"\" width=\"160\" height=\"140\" srcset=\"https:\/\/herramientasdetaller.cl\/wp-content\/uploads\/2021\/09\/YATO-300x263.jpg 300w, https:\/\/herramientasdetaller.cl\/wp-content\/uploads\/2021\/09\/YATO-510x446.jpg 510w, https:\/\/herramientasdetaller.cl\/wp-content\/uploads\/2021\/09\/YATO-64x56.jpg 64w, https:\/\/herramientasdetaller.cl\/wp-content\/uploads\/2021\/09\/YATO-400x350.jpg 400w, https:\/\/herramientasdetaller.cl\/wp-content\/uploads\/2021\/09\/YATO-600x525.jpg 600w, https:\/\/herramientasdetaller.cl\/wp-content\/uploads\/2021\/09\/YATO.jpg 640w\" sizes=\"auto, (max-width: 160px) 100vw, 160px\" \/><\/p>\n","protected":false},"featured_media":5613,"comment_status":"open","ping_status":"closed","template":"","meta":{"_joinchat":[]},"product_brand":[],"product_cat":[405,403],"product_tag":[448,170,1678,1679],"class_list":{"0":"post-5611","1":"product","2":"type-product","3":"status-publish","4":"has-post-thumbnail","6":"product_cat-uniformes","7":"product_cat-yato","8":"product_tag-ropa-de-trabajo","9":"product_tag-yato","10":"product_tag-yt-80927","11":"product_tag-yt80927","13":"first","14":"instock","15":"shipping-taxable","16":"purchasable","17":"product-type-variable"},"_links":{"self":[{"href":"https:\/\/herramientasdetaller.cl\/index.php\/wp-json\/wp\/v2\/product\/5611","targetHints":{"allow":["GET"]}}],"collection":[{"href":"https:\/\/herramientasdetaller.cl\/index.php\/wp-json\/wp\/v2\/product"}],"about":[{"href":"https:\/\/herramientasdetaller.cl\/index.php\/wp-json\/wp\/v2\/types\/product"}],"replies":[{"embeddable":true,"href":"https:\/\/herramientasdetaller.cl\/index.php\/wp-json\/wp\/v2\/comments?post=5611"}],"wp:featuredmedia":[{"embeddable":true,"href":"https:\/\/herramientasdetaller.cl\/index.php\/wp-json\/wp\/v2\/media\/5613"}],"wp:attachment":[{"href":"https:\/\/herramientasdetaller.cl\/index.php\/wp-json\/wp\/v2\/media?parent=5611"}],"wp:term":[{"taxonomy":"product_brand","embeddable":true,"href":"https:\/\/herramientasdetaller.cl\/index.php\/wp-json\/wp\/v2\/product_brand?post=5611"},{"taxonomy":"product_cat","embeddable":true,"href":"https:\/\/herramientasdetaller.cl\/index.php\/wp-json\/wp\/v2\/product_cat?post=5611"},{"taxonomy":"product_tag","embeddable":true,"href":"https:\/\/herramientasdetaller.cl\/index.php\/wp-json\/wp\/v2\/product_tag?post=5611"}],"curies":[{"name":"wp","href":"https:\/\/api.w.org\/{rel}","templated":true}]}}